{"id":9474,"date":"2024-01-24T11:00:21","date_gmt":"2024-01-24T10:00:21","guid":{"rendered":"https:\/\/www.envirofalk.com\/referenzen\/henze-glas-la-consommation-deau-doit-diminuer\/"},"modified":"2024-06-27T11:40:41","modified_gmt":"2024-06-27T09:40:41","slug":"henze-glas-la-consommation-deau-doit-diminuer","status":"publish","type":"referenz","link":"https:\/\/www.envirofalk.com\/fr\/referenzen\/henze-glas-la-consommation-deau-doit-diminuer\/","title":{"rendered":"Henze-Glas : la consommation d&rsquo;eau doit diminuer"},"content":{"rendered":"<div class=\"wpb-content-wrapper\"><p>[vc_section][vc_row full_width=\u00a0\u00bbstretch_row_content_no_spaces\u00a0\u00bb][vc_column]<div class=\"custom-top-banner img-box   has-icon\" style=\"background-image: url(https:\/\/www.envirofalk.com\/wp-content\/uploads\/2023\/05\/banner-energieerzeugung.jpg)\"><div class=\"container relative\"><div class=\"text-box\"><div class=\"slideInRight animated\"><img loading=\"lazy\" decoding=\"async\" width=\"1\" height=\"1\" src=\"https:\/\/www.envirofalk.com\/wp-content\/uploads\/2023\/05\/Wasseraufbereitung_Energieerzeugung_Icon.svg\" class=\"attachment-120x120 size-120x120\" alt=\"Atomkraftwerk Icon\" \/><p>Clients &amp; <strong>Solutions<\/strong><\/p><\/div><\/div><\/div><\/div>[\/vc_column][\/vc_row][vc_row el_class=\u00a0\u00bbbreadcrumbs-wrapper\u00a0\u00bb][vc_column]<div class=\"breadcrumbs\"><label><\/label> <a href=\"https:\/\/www.envirofalk.com\/fr\/\">Home<\/a><\/div>[\/vc_column][\/vc_row][\/vc_section][vc_section][vc_row css_animation=\u00a0\u00bbslideInUp\u00a0\u00bb el_class=\u00a0\u00bbtwo-columns-row tablet-row\u00a0\u00bb][vc_column width=\u00a0\u00bb3\/4&Prime;][vc_custom_heading source=\u00a0\u00bbpost_title\u00a0\u00bb font_container=\u00a0\u00bbtag:h1|text_align:left\u00a0\u00bb use_theme_fonts=\u00a0\u00bbyes\u00a0\u00bb][vc_column_text]<\/p>\n<div class=\"ce_text block\">\n<p><strong>Le sous-traitant Henze-Glas optimise la consommation d&rsquo;eau et les co\u00fbts d&rsquo;exploitation courants pour la fabrication de vitrage isolant gr\u00e2ce \u00e0 un syst\u00e8me de recyclage d&rsquo;eau pure \u00e0 deux zones d&rsquo;EnviroFALK.<\/strong><\/p>\n<\/div>\n<div class=\"ce_text block\">\n<p>Henze-Glas est l&rsquo;un des rares fournisseurs du segment des grandes vitres \u00e0 se positionner sur le march\u00e9 avec des formats surdimensionn\u00e9s. La ligne de production TPS, sp\u00e9cialement con\u00e7ue pour Henze-Glas, permet pour la premi\u00e8re fois de traiter des vitres de grande taille pouvant atteindre 3 210 x 9 000 mm. La production des disques n\u00e9cessite de l&rsquo;eau trait\u00e9e.<\/p>\n<\/div>\n<p>[\/vc_column_text][\/vc_column][vc_column width=\u00a0\u00bb1\/4&Prime;][vc_empty_space height=\u00a0\u00bb120px\u00a0\u00bb]<div class=\"online-consultant-box  wpb_content_element\"><div class=\"online-consultant\"><div><div class=\"person-info\"><h5>Christoph Gilles<\/h5><ul class=\"person-list\"><li><a href=\"tel:+49 2663 9908-33\">+49 2663 9908-33<\/a><\/li><\/ul><\/div><a href=\"#beratung\" target=\"_self\" class=\"custom-btn show-modal\"><i class=\"icon-chevron-right\"><\/i>Vers la consultation en ligne<\/a><\/div><div class=\"relative\"><svg xmlns=\"http:\/\/www.w3.org\/2000\/svg\" viewBox=\"0 0 32.83 32.83\">\n\t\t\t\t\t\t\t\t\t<defs>\n\t\t\t\t\t\t\t\t\t\t<linearGradient id=\"gradient\" x1=\"0%\" y1=\"0%\" x2=\"0%\" y2=\"100%\" gradientTransform=\"rotate(-135)\">\n\t\t\t\t\t\t\t\t\t\t\t<stop offset=\"0%\" stop-color=\"#97be0d\"\/>\n\t\t\t\t\t\t\t\t\t\t\t\t<stop offset=\"100%\" stop-color=\"rgba(255, 255, 255, 0)\"\/>\n\t\t\t\t\t\t\t\t\t\t<\/linearGradient>\n\t\t\t\t\t\t\t\t\t<\/defs>\n\t\t\t\t\t\t\t\t\t<path class=\"wpb_animate_when_almost_visible circular-progress\" stroke=\"url(#gradient)\" stroke-width=\"1\" stroke-dasharray=\"100, 100\" fill=\"none\" d=\"M18,2.08a15.92,15.92,0,0,1,0,31.84h0A15.92,15.92,0,0,1,18,2.08\" transform=\"translate(-1.59 -1.58)\"\/>\n                            \t<\/svg><span><img loading=\"lazy\" decoding=\"async\" width=\"800\" height=\"800\" src=\"https:\/\/www.envirofalk.com\/wp-content\/uploads\/2023\/08\/Christoph_Gilles_Wasseraufbereitung_Glas_Solar.png\" class=\"attachment-full size-full\" alt=\"Christoph Gilles Experte f\u00fcr Wasseraufbereitung in der Glas Solar\" srcset=\"https:\/\/www.envirofalk.com\/wp-content\/uploads\/2023\/08\/Christoph_Gilles_Wasseraufbereitung_Glas_Solar.png 800w, https:\/\/www.envirofalk.com\/wp-content\/uploads\/2023\/08\/Christoph_Gilles_Wasseraufbereitung_Glas_Solar-350x350.png 350w, https:\/\/www.envirofalk.com\/wp-content\/uploads\/2023\/08\/Christoph_Gilles_Wasseraufbereitung_Glas_Solar-150x150.png 150w, https:\/\/www.envirofalk.com\/wp-content\/uploads\/2023\/08\/Christoph_Gilles_Wasseraufbereitung_Glas_Solar-768x768.png 768w\" sizes=\"auto, (max-width: 800px) 100vw, 800px\" \/><\/span><\/div><\/div><\/div>[\/vc_column][\/vc_row][\/vc_section][vc_section][vc_row][vc_column width=\u00a0\u00bb1\/3&Prime;]<div class=\"custom-content-image wpb_content_element top\"><figure class=\"img-box\" style=\"background-image: url(https:\/\/www.envirofalk.com\/wp-content\/uploads\/2025\/05\/RS881_GreenPURE-MX-A-C_1_shadow-scaled.png)\"><\/figure><div class=\"text-box\"><h3>Syst\u00e8me de circulation d'eau pure \u00e0 deux zones<\/h3><div class=\"wpb_text_column arrows-list\"><p><strong>D\u00e9fi chez le client<\/strong><br \/>\nEn particulier, la consommation d&rsquo;eau et les co\u00fbts d&rsquo;exploitation associ\u00e9s devraient \u00eatre consid\u00e9rablement r\u00e9duits.<\/p>\n<\/div><a href=\"https:\/\/www.envirofalk.com\/fr\/techniques-de-procedes-produits\/\" target=\"\" class=\"custom-btn outline\">vers les techniques de proc\u00e9d\u00e9s<i class=\"icon-chevron-right\"><\/i><\/a><\/div><\/div>[\/vc_column][vc_column css_animation=\u00a0\u00bbfadeInUp\u00a0\u00bb width=\u00a0\u00bb2\/3&Prime;][vc_tta_accordion section_title_tag=\u00a0\u00bbh5&Prime; c_icon=\u00a0\u00bbchevron\u00a0\u00bb c_position=\u00a0\u00bbright\u00a0\u00bb active_section=\u00a0\u00bb\u00a0\u00bb no_fill=\u00a0\u00bbtrue\u00a0\u00bb collapsible_all=\u00a0\u00bbtrue\u00a0\u00bb][vc_tta_section title=\u00a0\u00bbD\u00e9finition des t\u00e2ches\u00a0\u00bb tab_id=\u00a0\u00bbtab-1d090-4ac4&Prime;][vc_column_text]Les deux machines \u00e0 laver, d&rsquo;une part de la nouvelle ligne de production TPS et d&rsquo;autre part de la production de vitrage isolant existante, devaient \u00eatre aliment\u00e9es par une installation centrale de traitement de l&rsquo;eau. Outre une excellente qualit\u00e9 d&rsquo;eau pour des processus de rin\u00e7age et de lavage optimaux, un concept de solution sans produits chimiques et respectueux de l&rsquo;environnement \u00e9tait souhait\u00e9. En particulier, la consommation d&rsquo;eau et les co\u00fbts d&rsquo;exploitation associ\u00e9s devraient \u00eatre consid\u00e9rablement r\u00e9duits.[\/vc_column_text][\/vc_tta_section][vc_tta_section title=\u00a0\u00bbSolution\u00a0\u00bb tab_id=\u00a0\u00bbtab-2d090-4ac4&Prime;][vc_column_text]Apr\u00e8s une consultation approfondie, une installation centrale \u00e0 deux zones de circulation d&rsquo;eau pure avec osmose inverse a \u00e9t\u00e9 con\u00e7ue pour alimenter les machines \u00e0 laver les plaques de verre des deux lignes de production. Pour une approche sans produits chimiques, l&rsquo;eau pr\u00e9trait\u00e9e est dessal\u00e9e selon le principe de l&rsquo;osmose inverse. Le traitement de l&rsquo;eau utilis\u00e9e dans la zone de lavage principale pour la r\u00e9utiliser dans la zone de pr\u00e9lavage est beaucoup plus \u00e9conomique que de retraiter enti\u00e8rement l&rsquo;eau.[\/vc_column_text][\/vc_tta_section][vc_tta_section title=\u00a0\u00bbAvantages\u00a0\u00bb tab_id=\u00a0\u00bbtab-3d090-4ac4&Prime;][vc_column_text]<\/p>\n<ul>\n<li>Approche sans produits chimiques<\/li>\n<li>Respectueux de l&rsquo;environnement<\/li>\n<li>Circuit d&rsquo;eau \u00e9conomique en termes de co\u00fbts et d&rsquo;\u00e9nergie pour alimenter les machines \u00e0 laver les plaques de verre<\/li>\n<\/ul>\n<p>[\/vc_column_text][\/vc_tta_section][vc_tta_section title=\u00a0\u00bbConclusion\u00a0\u00bb tab_id=\u00a0\u00bbtab-4d090-4ac4&Prime;][vc_column_text]Au final, Henze-Glas dispose d&rsquo;un circuit d&rsquo;eau respectueux de l&rsquo;environnement, \u00e9conomique en termes de co\u00fbts et d&rsquo;\u00e9nergie, pour alimenter ses machines \u00e0 laver les plaques de verre. Tourn\u00e9 vers l&rsquo;avenir et durable ![\/vc_column_text][\/vc_tta_section][\/vc_tta_accordion][\/vc_column][\/vc_row][\/vc_section][vc_section][vc_row el_id=\u00a0\u00bbactuel\u00a0\u00bb][vc_column el_id=\u00a0\u00bbaktuelles\u00a0\u00bb][vc_column_text]<\/p>\n<h2 style=\"text-align: center;\">Nouvelles du secteur de la production d&rsquo;\u00e9nergie<\/h2>\n<p>[\/vc_column_text][\/vc_column][\/vc_row][\/vc_section][vc_section el_id=\u00a0\u00bbdownloads\u00a0\u00bb][vc_row el_class=\u00a0\u00bbtablet-row\u00a0\u00bb][vc_column css_animation=\u00a0\u00bbslideInRight\u00a0\u00bb el_class=\u00a0\u00bbhas-bg\u00a0\u00bb][vc_column_text]<\/p>\n<h3>Cela pourrait aussi vous int\u00e9resser<\/h3>\n<p>[\/vc_column_text]<div class=\"quick-links default wpb_content_element\" data-background=\"\"><div class=\"flexbox\"><a href=\"https:\/\/www.envirofalk.com\/fr\/service\/\" target=\"_self\"><div class=\"icon default\"><img decoding=\"async\" src=\"https:\/\/www.envirofalk.com\/wp-content\/uploads\/2023\/05\/icon_serviceangebot.svg\" class=\"attachment-full size-full\" alt=\"Zange mit Zahnrad\" \/><\/div><div><h4>Offre de services<\/h4><p>Dans le domaine de la production d'\u00e9nergie, nous proposons des services allant de la plus petite pi\u00e8ce de rechange au gros entretien de l'installation.<\/p><\/div><\/a><\/div><div class=\"flexbox\"><a href=\"https:\/\/www.envirofalk.com\/fr\/clients-solutions\/\" target=\"_self\"><div class=\"icon default\"><img decoding=\"async\" src=\"https:\/\/www.envirofalk.com\/wp-content\/uploads\/2023\/05\/icon_kundenlosungen.svg\" class=\"attachment-full size-full\" alt=\"Gl\u00fchbirne Icon\" \/><\/div><div><h4>Clients et solutions<\/h4><p>Nombre de nos clients comptent parmi les leaders de leur secteur et font confiance aux syst\u00e8mes de traitement de l'eau EnviroFALK depuis des ann\u00e9es.<\/p><\/div><\/a><\/div><div class=\"flexbox\"><a href=\"https:\/\/www.envirofalk.com\/fr\/salons-et-evenements\/\" target=\"_blank\"><div class=\"icon default\"><img decoding=\"async\" src=\"https:\/\/www.envirofalk.com\/wp-content\/uploads\/2023\/05\/icon_messen-events.svg\" class=\"attachment-full size-full\" alt=\"\" \/><\/div><div><h4>Salons et \u00e9v\u00e9nements<\/h4><p>Lorsqu'il s'agit de solutions pour votre traitement de l'eau, vous d\u00e9couvrirez un v\u00e9ritable enthousiasme lors de nos salons et \u00e9v\u00e9nements, dans le cadre d'un entretien personnel. Apprenez \u00e0 nous conna\u00eetre !<\/p><\/div><\/a><\/div><\/div>[\/vc_column][\/vc_row][\/vc_section][vc_row][vc_column][\/vc_column][\/vc_row]<\/p>\n<\/div>","protected":false},"excerpt":{"rendered":"<p>[vc_section][vc_row full_width=\u00a0\u00bbstretch_row_content_no_spaces\u00a0\u00bb][vc_column][\/vc_column][\/vc_row][vc_row el_class=\u00a0\u00bbbreadcrumbs-wrapper\u00a0\u00bb][vc_column][\/vc_column][\/vc_row][\/vc_section][vc_section][vc_row css_animation=\u00a0\u00bbslideInUp\u00a0\u00bb el_class=\u00a0\u00bbtwo-columns-row tablet-row\u00a0\u00bb][vc_column width=\u00a0\u00bb3\/4&Prime;][vc_custom_heading source=\u00a0\u00bbpost_title\u00a0\u00bb font_container=\u00a0\u00bbtag:h1|text_align:left\u00a0\u00bb use_theme_fonts=\u00a0\u00bbyes\u00a0\u00bb][vc_column_text] Le sous-traitant Henze-Glas optimise la consommation d&rsquo;eau et les co\u00fbts d&rsquo;exploitation courants pour la fabrication de vitrage isolant gr\u00e2ce \u00e0 un syst\u00e8me de recyclage d&rsquo;eau pure \u00e0 deux zones d&rsquo;EnviroFALK. Henze-Glas est l&rsquo;un des rares fournisseurs du segment des grandes vitres \u00e0 se positionner sur [&hellip;]<\/p>\n","protected":false},"featured_media":6309,"template":"","class_list":["post-9474","referenz","type-referenz","status-publish","has-post-thumbnail","hentry","referenz_kategorie-industrie-commerce","referenz_kategorie-industrie-du-verre-et-du-solaire"],"acf":[],"yoast_head":"<!-- This site is optimized with the Yoast SEO Premium plugin v27.5 (Yoast SEO v27.5) - https:\/\/yoast.com\/product\/yoast-seo-premium-wordpress\/ -->\n<title>Henze-Glas : la consommation d&#039;eau doit diminuer &#8211; EnviroFALK<\/title>\n<meta name=\"robots\" content=\"index, follow, max-snippet:-1, max-image-preview:large, max-video-preview:-1\" \/>\n<link rel=\"canonical\" href=\"https:\/\/www.envirofalk.com\/fr\/referenzen\/henze-glas-la-consommation-deau-doit-diminuer\/\" \/>\n<meta property=\"og:locale\" content=\"fr_FR\" \/>\n<meta property=\"og:type\" content=\"article\" \/>\n<meta property=\"og:title\" content=\"Henze-Glas : la consommation d&#039;eau doit diminuer\" \/>\n<meta property=\"og:description\" content=\"[vc_section][vc_row full_width=\u00a0\u00bbstretch_row_content_no_spaces\u00a0\u00bb][vc_column][\/vc_column][\/vc_row][vc_row el_class=\u00a0\u00bbbreadcrumbs-wrapper\u00a0\u00bb][vc_column][\/vc_column][\/vc_row][\/vc_section][vc_section][vc_row css_animation=\u00a0\u00bbslideInUp\u00a0\u00bb el_class=\u00a0\u00bbtwo-columns-row tablet-row\u00a0\u00bb][vc_column width=\u00a0\u00bb3\/4&Prime;][vc_custom_heading source=\u00a0\u00bbpost_title\u00a0\u00bb font_container=\u00a0\u00bbtag:h1|text_align:left\u00a0\u00bb use_theme_fonts=\u00a0\u00bbyes\u00a0\u00bb][vc_column_text] Le sous-traitant Henze-Glas optimise la consommation d&rsquo;eau et les co\u00fbts d&rsquo;exploitation courants pour la fabrication de vitrage isolant gr\u00e2ce \u00e0 un syst\u00e8me de recyclage d&rsquo;eau pure \u00e0 deux zones d&rsquo;EnviroFALK. Henze-Glas est l&rsquo;un des rares fournisseurs du segment des grandes vitres \u00e0 se positionner sur [&hellip;]\" \/>\n<meta property=\"og:url\" content=\"https:\/\/www.envirofalk.com\/fr\/referenzen\/henze-glas-la-consommation-deau-doit-diminuer\/\" \/>\n<meta property=\"og:site_name\" content=\"EnviroFALK\" \/>\n<meta property=\"article:publisher\" content=\"https:\/\/www.facebook.com\/envirofalk\" \/>\n<meta property=\"article:modified_time\" content=\"2024-06-27T09:40:41+00:00\" \/>\n<meta property=\"og:image\" content=\"https:\/\/www.envirofalk.com\/wp-content\/uploads\/2023\/08\/Referenz_Glasindustrie_Glasfront.jpg\" \/>\n\t<meta property=\"og:image:width\" content=\"1006\" \/>\n\t<meta property=\"og:image:height\" content=\"336\" \/>\n\t<meta property=\"og:image:type\" content=\"image\/jpeg\" \/>\n<meta name=\"twitter:card\" content=\"summary_large_image\" \/>\n<meta name=\"twitter:label1\" content=\"Dur\u00e9e de lecture estim\u00e9e\" \/>\n\t<meta name=\"twitter:data1\" content=\"3 minutes\" \/>\n<script type=\"application\/ld+json\" class=\"yoast-schema-graph\">{\"@context\":\"https:\\\/\\\/schema.org\",\"@graph\":[{\"@type\":\"WebPage\",\"@id\":\"https:\\\/\\\/www.envirofalk.com\\\/fr\\\/referenzen\\\/henze-glas-la-consommation-deau-doit-diminuer\\\/\",\"url\":\"https:\\\/\\\/www.envirofalk.com\\\/fr\\\/referenzen\\\/henze-glas-la-consommation-deau-doit-diminuer\\\/\",\"name\":\"Henze-Glas : la consommation d'eau doit diminuer &#8211; EnviroFALK\",\"isPartOf\":{\"@id\":\"https:\\\/\\\/www.envirofalk.com\\\/fr\\\/#website\"},\"primaryImageOfPage\":{\"@id\":\"https:\\\/\\\/www.envirofalk.com\\\/fr\\\/referenzen\\\/henze-glas-la-consommation-deau-doit-diminuer\\\/#primaryimage\"},\"image\":{\"@id\":\"https:\\\/\\\/www.envirofalk.com\\\/fr\\\/referenzen\\\/henze-glas-la-consommation-deau-doit-diminuer\\\/#primaryimage\"},\"thumbnailUrl\":\"https:\\\/\\\/www.envirofalk.com\\\/wp-content\\\/uploads\\\/2023\\\/08\\\/Referenz_Glasindustrie_Glasfront.jpg\",\"datePublished\":\"2024-01-24T10:00:21+00:00\",\"dateModified\":\"2024-06-27T09:40:41+00:00\",\"breadcrumb\":{\"@id\":\"https:\\\/\\\/www.envirofalk.com\\\/fr\\\/referenzen\\\/henze-glas-la-consommation-deau-doit-diminuer\\\/#breadcrumb\"},\"inLanguage\":\"fr-FR\",\"potentialAction\":[{\"@type\":\"ReadAction\",\"target\":[\"https:\\\/\\\/www.envirofalk.com\\\/fr\\\/referenzen\\\/henze-glas-la-consommation-deau-doit-diminuer\\\/\"]}]},{\"@type\":\"ImageObject\",\"inLanguage\":\"fr-FR\",\"@id\":\"https:\\\/\\\/www.envirofalk.com\\\/fr\\\/referenzen\\\/henze-glas-la-consommation-deau-doit-diminuer\\\/#primaryimage\",\"url\":\"https:\\\/\\\/www.envirofalk.com\\\/wp-content\\\/uploads\\\/2023\\\/08\\\/Referenz_Glasindustrie_Glasfront.jpg\",\"contentUrl\":\"https:\\\/\\\/www.envirofalk.com\\\/wp-content\\\/uploads\\\/2023\\\/08\\\/Referenz_Glasindustrie_Glasfront.jpg\",\"width\":1006,\"height\":336,\"caption\":\"Glasfront eines Geb\u00e4udes\"},{\"@type\":\"BreadcrumbList\",\"@id\":\"https:\\\/\\\/www.envirofalk.com\\\/fr\\\/referenzen\\\/henze-glas-la-consommation-deau-doit-diminuer\\\/#breadcrumb\",\"itemListElement\":[{\"@type\":\"ListItem\",\"position\":1,\"name\":\"Home\",\"item\":\"https:\\\/\\\/www.envirofalk.com\\\/fr\\\/\"},{\"@type\":\"ListItem\",\"position\":2,\"name\":\"Referenzen\",\"item\":\"https:\\\/\\\/www.envirofalk.com\\\/fr\\\/referenzen\\\/\"},{\"@type\":\"ListItem\",\"position\":3,\"name\":\"Henze-Glas : la consommation d&#8217;eau doit diminuer\"}]},{\"@type\":\"WebSite\",\"@id\":\"https:\\\/\\\/www.envirofalk.com\\\/fr\\\/#website\",\"url\":\"https:\\\/\\\/www.envirofalk.com\\\/fr\\\/\",\"name\":\"EnviroFALK\",\"description\":\"Wasseraufbereitungsanlagen f\u00fcr Industrie, Gewerbe &amp; Labor\",\"publisher\":{\"@id\":\"https:\\\/\\\/www.envirofalk.com\\\/fr\\\/#organization\"},\"potentialAction\":[{\"@type\":\"SearchAction\",\"target\":{\"@type\":\"EntryPoint\",\"urlTemplate\":\"https:\\\/\\\/www.envirofalk.com\\\/fr\\\/?s={search_term_string}\"},\"query-input\":{\"@type\":\"PropertyValueSpecification\",\"valueRequired\":true,\"valueName\":\"search_term_string\"}}],\"inLanguage\":\"fr-FR\"},{\"@type\":\"Organization\",\"@id\":\"https:\\\/\\\/www.envirofalk.com\\\/fr\\\/#organization\",\"name\":\"EnviroFALK\",\"url\":\"https:\\\/\\\/www.envirofalk.com\\\/fr\\\/\",\"logo\":{\"@type\":\"ImageObject\",\"inLanguage\":\"fr-FR\",\"@id\":\"https:\\\/\\\/www.envirofalk.com\\\/fr\\\/#\\\/schema\\\/logo\\\/image\\\/\",\"url\":\"https:\\\/\\\/www.envirofalk.com\\\/wp-content\\\/uploads\\\/2023\\\/01\\\/logo.svg\",\"contentUrl\":\"https:\\\/\\\/www.envirofalk.com\\\/wp-content\\\/uploads\\\/2023\\\/01\\\/logo.svg\",\"caption\":\"EnviroFALK\"},\"image\":{\"@id\":\"https:\\\/\\\/www.envirofalk.com\\\/fr\\\/#\\\/schema\\\/logo\\\/image\\\/\"},\"sameAs\":[\"https:\\\/\\\/www.facebook.com\\\/envirofalk\",\"https:\\\/\\\/www.linkedin.com\\\/company\\\/envirofalk-gmbh\",\"https:\\\/\\\/www.youtube.com\\\/channel\\\/UCM1L-2K6cfBbP3aYgJGbVdA\"],\"description\":\"EnviroFALK Prozesswassertechnik ist Ihr Spezialist f\u00fcr ma\u00dfgeschneiderte Wasseraufbereitungsl\u00f6sungen in der Industrie. Wir bieten innovative Technologien f\u00fcr die Erzeugung und Aufbereitung von Prozesswasser, um h\u00f6chste Effizienz und Qualit\u00e4t in Ihren Produktionsprozessen zu gew\u00e4hrleisten. Mit jahrzehntelanger Erfahrung entwickeln wir nachhaltige und ressourcenschonende L\u00f6sungen, die exakt auf die Anforderungen unserer Kunden abgestimmt sind. Unsere Leistungen umfassen die Filtration, Enth\u00e4rtung, Entsalzung und R\u00fcckgewinnung von Wasser f\u00fcr verschiedenste Anwendungen \u2013 von der Metallverarbeitung bis zur Lebensmittelindustrie. Unsere Experten begleiten Sie von der Planung \u00fcber die Implementierung bis hin zum Service, um eine zuverl\u00e4ssige und wirtschaftliche Wasseraufbereitung sicherzustellen.\",\"email\":\"info@envirofalk.com\",\"telephone\":\"+49 2663 9908-0\",\"legalName\":\"EnviroFALK GmbH\",\"foundingDate\":\"1989-05-01\"}]}<\/script>\n<!-- \/ Yoast SEO Premium plugin. -->","yoast_head_json":{"title":"Henze-Glas : la consommation d'eau doit diminuer &#8211; EnviroFALK","robots":{"index":"index","follow":"follow","max-snippet":"max-snippet:-1","max-image-preview":"max-image-preview:large","max-video-preview":"max-video-preview:-1"},"canonical":"https:\/\/www.envirofalk.com\/fr\/referenzen\/henze-glas-la-consommation-deau-doit-diminuer\/","og_locale":"fr_FR","og_type":"article","og_title":"Henze-Glas : la consommation d'eau doit diminuer","og_description":"[vc_section][vc_row full_width=\u00a0\u00bbstretch_row_content_no_spaces\u00a0\u00bb][vc_column][\/vc_column][\/vc_row][vc_row el_class=\u00a0\u00bbbreadcrumbs-wrapper\u00a0\u00bb][vc_column][\/vc_column][\/vc_row][\/vc_section][vc_section][vc_row css_animation=\u00a0\u00bbslideInUp\u00a0\u00bb el_class=\u00a0\u00bbtwo-columns-row tablet-row\u00a0\u00bb][vc_column width=\u00a0\u00bb3\/4&Prime;][vc_custom_heading source=\u00a0\u00bbpost_title\u00a0\u00bb font_container=\u00a0\u00bbtag:h1|text_align:left\u00a0\u00bb use_theme_fonts=\u00a0\u00bbyes\u00a0\u00bb][vc_column_text] Le sous-traitant Henze-Glas optimise la consommation d&rsquo;eau et les co\u00fbts d&rsquo;exploitation courants pour la fabrication de vitrage isolant gr\u00e2ce \u00e0 un syst\u00e8me de recyclage d&rsquo;eau pure \u00e0 deux zones d&rsquo;EnviroFALK. Henze-Glas est l&rsquo;un des rares fournisseurs du segment des grandes vitres \u00e0 se positionner sur [&hellip;]","og_url":"https:\/\/www.envirofalk.com\/fr\/referenzen\/henze-glas-la-consommation-deau-doit-diminuer\/","og_site_name":"EnviroFALK","article_publisher":"https:\/\/www.facebook.com\/envirofalk","article_modified_time":"2024-06-27T09:40:41+00:00","og_image":[{"width":1006,"height":336,"url":"https:\/\/www.envirofalk.com\/wp-content\/uploads\/2023\/08\/Referenz_Glasindustrie_Glasfront.jpg","type":"image\/jpeg"}],"twitter_card":"summary_large_image","twitter_misc":{"Dur\u00e9e de lecture estim\u00e9e":"3 minutes"},"schema":{"@context":"https:\/\/schema.org","@graph":[{"@type":"WebPage","@id":"https:\/\/www.envirofalk.com\/fr\/referenzen\/henze-glas-la-consommation-deau-doit-diminuer\/","url":"https:\/\/www.envirofalk.com\/fr\/referenzen\/henze-glas-la-consommation-deau-doit-diminuer\/","name":"Henze-Glas : la consommation d'eau doit diminuer &#8211; EnviroFALK","isPartOf":{"@id":"https:\/\/www.envirofalk.com\/fr\/#website"},"primaryImageOfPage":{"@id":"https:\/\/www.envirofalk.com\/fr\/referenzen\/henze-glas-la-consommation-deau-doit-diminuer\/#primaryimage"},"image":{"@id":"https:\/\/www.envirofalk.com\/fr\/referenzen\/henze-glas-la-consommation-deau-doit-diminuer\/#primaryimage"},"thumbnailUrl":"https:\/\/www.envirofalk.com\/wp-content\/uploads\/2023\/08\/Referenz_Glasindustrie_Glasfront.jpg","datePublished":"2024-01-24T10:00:21+00:00","dateModified":"2024-06-27T09:40:41+00:00","breadcrumb":{"@id":"https:\/\/www.envirofalk.com\/fr\/referenzen\/henze-glas-la-consommation-deau-doit-diminuer\/#breadcrumb"},"inLanguage":"fr-FR","potentialAction":[{"@type":"ReadAction","target":["https:\/\/www.envirofalk.com\/fr\/referenzen\/henze-glas-la-consommation-deau-doit-diminuer\/"]}]},{"@type":"ImageObject","inLanguage":"fr-FR","@id":"https:\/\/www.envirofalk.com\/fr\/referenzen\/henze-glas-la-consommation-deau-doit-diminuer\/#primaryimage","url":"https:\/\/www.envirofalk.com\/wp-content\/uploads\/2023\/08\/Referenz_Glasindustrie_Glasfront.jpg","contentUrl":"https:\/\/www.envirofalk.com\/wp-content\/uploads\/2023\/08\/Referenz_Glasindustrie_Glasfront.jpg","width":1006,"height":336,"caption":"Glasfront eines Geb\u00e4udes"},{"@type":"BreadcrumbList","@id":"https:\/\/www.envirofalk.com\/fr\/referenzen\/henze-glas-la-consommation-deau-doit-diminuer\/#breadcrumb","itemListElement":[{"@type":"ListItem","position":1,"name":"Home","item":"https:\/\/www.envirofalk.com\/fr\/"},{"@type":"ListItem","position":2,"name":"Referenzen","item":"https:\/\/www.envirofalk.com\/fr\/referenzen\/"},{"@type":"ListItem","position":3,"name":"Henze-Glas : la consommation d&#8217;eau doit diminuer"}]},{"@type":"WebSite","@id":"https:\/\/www.envirofalk.com\/fr\/#website","url":"https:\/\/www.envirofalk.com\/fr\/","name":"EnviroFALK","description":"Wasseraufbereitungsanlagen f\u00fcr Industrie, Gewerbe &amp; Labor","publisher":{"@id":"https:\/\/www.envirofalk.com\/fr\/#organization"},"potentialAction":[{"@type":"SearchAction","target":{"@type":"EntryPoint","urlTemplate":"https:\/\/www.envirofalk.com\/fr\/?s={search_term_string}"},"query-input":{"@type":"PropertyValueSpecification","valueRequired":true,"valueName":"search_term_string"}}],"inLanguage":"fr-FR"},{"@type":"Organization","@id":"https:\/\/www.envirofalk.com\/fr\/#organization","name":"EnviroFALK","url":"https:\/\/www.envirofalk.com\/fr\/","logo":{"@type":"ImageObject","inLanguage":"fr-FR","@id":"https:\/\/www.envirofalk.com\/fr\/#\/schema\/logo\/image\/","url":"https:\/\/www.envirofalk.com\/wp-content\/uploads\/2023\/01\/logo.svg","contentUrl":"https:\/\/www.envirofalk.com\/wp-content\/uploads\/2023\/01\/logo.svg","caption":"EnviroFALK"},"image":{"@id":"https:\/\/www.envirofalk.com\/fr\/#\/schema\/logo\/image\/"},"sameAs":["https:\/\/www.facebook.com\/envirofalk","https:\/\/www.linkedin.com\/company\/envirofalk-gmbh","https:\/\/www.youtube.com\/channel\/UCM1L-2K6cfBbP3aYgJGbVdA"],"description":"EnviroFALK Prozesswassertechnik ist Ihr Spezialist f\u00fcr ma\u00dfgeschneiderte Wasseraufbereitungsl\u00f6sungen in der Industrie. Wir bieten innovative Technologien f\u00fcr die Erzeugung und Aufbereitung von Prozesswasser, um h\u00f6chste Effizienz und Qualit\u00e4t in Ihren Produktionsprozessen zu gew\u00e4hrleisten. Mit jahrzehntelanger Erfahrung entwickeln wir nachhaltige und ressourcenschonende L\u00f6sungen, die exakt auf die Anforderungen unserer Kunden abgestimmt sind. Unsere Leistungen umfassen die Filtration, Enth\u00e4rtung, Entsalzung und R\u00fcckgewinnung von Wasser f\u00fcr verschiedenste Anwendungen \u2013 von der Metallverarbeitung bis zur Lebensmittelindustrie. Unsere Experten begleiten Sie von der Planung \u00fcber die Implementierung bis hin zum Service, um eine zuverl\u00e4ssige und wirtschaftliche Wasseraufbereitung sicherzustellen.","email":"info@envirofalk.com","telephone":"+49 2663 9908-0","legalName":"EnviroFALK GmbH","foundingDate":"1989-05-01"}]}},"_links":{"self":[{"href":"https:\/\/www.envirofalk.com\/fr\/wp-json\/wp\/v2\/referenz\/9474","targetHints":{"allow":["GET"]}}],"collection":[{"href":"https:\/\/www.envirofalk.com\/fr\/wp-json\/wp\/v2\/referenz"}],"about":[{"href":"https:\/\/www.envirofalk.com\/fr\/wp-json\/wp\/v2\/types\/referenz"}],"version-history":[{"count":12,"href":"https:\/\/www.envirofalk.com\/fr\/wp-json\/wp\/v2\/referenz\/9474\/revisions"}],"predecessor-version":[{"id":16247,"href":"https:\/\/www.envirofalk.com\/fr\/wp-json\/wp\/v2\/referenz\/9474\/revisions\/16247"}],"wp:featuredmedia":[{"embeddable":true,"href":"https:\/\/www.envirofalk.com\/fr\/wp-json\/wp\/v2\/media\/6309"}],"wp:attachment":[{"href":"https:\/\/www.envirofalk.com\/fr\/wp-json\/wp\/v2\/media?parent=9474"}],"curies":[{"name":"wp","href":"https:\/\/api.w.org\/{rel}","templated":true}]}}